{"id":2316,"date":"2018-01-12T07:14:43","date_gmt":"2018-01-12T06:14:43","guid":{"rendered":"https:\/\/www.sprachschule-aktiv-hannover.de\/kontakt\/"},"modified":"2023-07-01T20:42:38","modified_gmt":"2023-07-01T18:42:38","slug":"contactez-nous","status":"publish","type":"page","link":"https:\/\/www.sprachschule-aktiv-hannover.de\/fr\/contactez-nous\/","title":{"rendered":"Contactez-nous"},"content":{"rendered":"<p>[vc_row css=&#8221;.vc_custom_1538681072827{margin-top: 20px !important;}&#8221;][vc_column][vc_column_text]<\/p>\n<h1>Formulaire de contact &#8211; Sprachschule Aktiv Hannover<\/h1>\n<p>T\u00e9l\u00e9phone et WhatsApp : +49 1520 827149[\/vc_column_text][\/vc_column][\/vc_row][vc_row full_width=&#8221;stretch_row&#8221; css=&#8221;.vc_custom_1538681088940{padding-top: 10px !important;padding-bottom: 20px !important;background-color: #f9f9f9 !important;}&#8221;][vc_column][vc_column_text]<\/p>\n<h2>Formulaire de contact<\/h2>\n<div class=\"wpcf7 no-js\" id=\"wpcf7-f2318-o1\" lang=\"de-DE\" dir=\"ltr\" data-wpcf7-id=\"2318\">\n<div class=\"screen-reader-response\"><p role=\"status\" aria-live=\"polite\" aria-atomic=\"true\"><\/p> <ul><\/ul><\/div>\n<form action=\"\/fr\/wp-json\/wp\/v2\/pages\/2316#wpcf7-f2318-o1\" method=\"post\" class=\"wpcf7-form init wpcf7-acceptance-as-validation\" aria-label=\"Kontaktformular\" novalidate=\"novalidate\" data-status=\"init\">\n<fieldset class=\"hidden-fields-container\"><input type=\"hidden\" name=\"_wpcf7\" value=\"2318\" \/><input type=\"hidden\" name=\"_wpcf7_version\" value=\"6.1.5\" \/><input type=\"hidden\" name=\"_wpcf7_locale\" value=\"de_DE\" \/><input type=\"hidden\" name=\"_wpcf7_unit_tag\" value=\"wpcf7-f2318-o1\" \/><input type=\"hidden\" name=\"_wpcf7_container_post\" value=\"0\" \/><input type=\"hidden\" name=\"_wpcf7_posted_data_hash\" value=\"\" \/><input type=\"hidden\" name=\"_wpcf7cf_hidden_group_fields\" value=\"[]\" \/><input type=\"hidden\" name=\"_wpcf7cf_hidden_groups\" value=\"[]\" \/><input type=\"hidden\" name=\"_wpcf7cf_visible_groups\" value=\"[]\" \/><input type=\"hidden\" name=\"_wpcf7cf_repeaters\" value=\"[]\" \/><input type=\"hidden\" name=\"_wpcf7cf_steps\" value=\"{}\" \/><input type=\"hidden\" name=\"_wpcf7cf_options\" value=\"{&quot;form_id&quot;:2318,&quot;conditions&quot;:[],&quot;settings&quot;:{&quot;animation&quot;:&quot;yes&quot;,&quot;animation_intime&quot;:200,&quot;animation_outtime&quot;:200,&quot;conditions_ui&quot;:&quot;normal&quot;,&quot;notice_dismissed&quot;:false}}\" \/><input type=\"hidden\" name=\"_wpcf7_recaptcha_response\" value=\"\" \/>\n<\/fieldset>\n<p>Salutation*\n<\/p>\n<p><span class=\"wpcf7-form-control-wrap\" data-name=\"anrede\"><select class=\"wpcf7-form-control wpcf7-select\" aria-invalid=\"false\" name=\"anrede\"><option value=\"\">&#8211; Bitte ausw\u00e4hlen &#8211;<\/option><option value=\"Monsieur\">Monsieur<\/option><option value=\"Madame\">Madame<\/option><\/select><\/span>\n<\/p>\n<p>Nom*\n<\/p>\n<p><span class=\"wpcf7-form-control-wrap\" data-name=\"Vorname\"><input size=\"40\" maxlength=\"400\" class=\"wpcf7-form-control wpcf7-text wpcf7-validates-as-required\" aria-required=\"true\" aria-invalid=\"false\" value=\"\" type=\"text\" name=\"Vorname\" \/><\/span>\n<\/p>\n<p>Noms de famille*\n<\/p>\n<p><span class=\"wpcf7-form-control-wrap\" data-name=\"Nachname\"><input size=\"40\" maxlength=\"400\" class=\"wpcf7-form-control wpcf7-text wpcf7-validates-as-required\" aria-required=\"true\" aria-invalid=\"false\" value=\"\" type=\"text\" name=\"Nachname\" \/><\/span>\n<\/p>\n<p>Num\u00e9ro de t\u00e9l\u00e9phone*\n<\/p>\n<p><span class=\"wpcf7-form-control-wrap\" data-name=\"Telefon\"><input size=\"40\" maxlength=\"400\" class=\"wpcf7-form-control wpcf7-text wpcf7-validates-as-required\" aria-required=\"true\" aria-invalid=\"false\" value=\"\" type=\"text\" name=\"Telefon\" \/><\/span>\n<\/p>\n<p>Adresse e-mail*\n<\/p>\n<p><span class=\"wpcf7-form-control-wrap\" data-name=\"your-email\"><input size=\"40\" maxlength=\"400\" class=\"wpcf7-form-control wpcf7-email wpcf7-validates-as-required wpcf7-text wpcf7-validates-as-email\" aria-required=\"true\" aria-invalid=\"false\" value=\"\" type=\"email\" name=\"your-email\" \/><\/span>\n<\/p>\n<p>Concernant\n<\/p>\n<p><span class=\"wpcf7-form-control-wrap\" data-name=\"your-subject\"><input size=\"40\" maxlength=\"400\" class=\"wpcf7-form-control wpcf7-text\" aria-invalid=\"false\" value=\"\" type=\"text\" name=\"your-subject\" \/><\/span>\n<\/p>\n<p>Consultation\n<\/p>\n<p><span class=\"wpcf7-form-control-wrap\" data-name=\"your-message\"><textarea cols=\"40\" rows=\"10\" maxlength=\"2000\" class=\"wpcf7-form-control wpcf7-textarea\" aria-invalid=\"false\" name=\"your-message\"><\/textarea><\/span>\n<\/p>\n<div style=\"\">\n\t<p><span class=\"wpcf7-form-control-wrap\" data-name=\"agb\"><span class=\"wpcf7-form-control wpcf7-acceptance\"><span class=\"wpcf7-list-item\"><input type=\"checkbox\" name=\"agb\" value=\"1\" aria-invalid=\"false\" \/><\/span><\/span><\/span> (*) Votre <a href=\"https:\/\/www.sprachschule-aktiv-hannover.de\/allgemeine-geschaftsbedingungen\/\" target=\"_blank\">Conditions g\u00e9n\u00e9rales<\/a> et <a href=\"https:\/\/www.sprachschule-aktiv-hannover.de\/datenschutzerklarung\/\" target=\"_blank\">Politique de confidentialit\u00e9<\/a> J'ai lu et accepter.\n\t<\/p>\n<\/div>\n<p><input class=\"wpcf7-form-control wpcf7-submit has-spinner\" type=\"submit\" value=\"Envoyer\" \/>\n<\/p><div class=\"wpcf7-response-output\" aria-hidden=\"true\"><\/div>\n<\/form>\n<\/div>\n[\/vc_column_text][\/vc_column][\/vc_row]<\/p>\n","protected":false},"excerpt":{"rendered":"<p>[vc_row css=&#8221;.vc_custom_1538681072827{margin-top: 20px !important;}&#8221;][vc_column][vc_column_text] Formulaire de contact &#8211; Sprachschule Aktiv Hannover T\u00e9l\u00e9phone et WhatsApp : +49 1520 827149[\/vc_column_text][\/vc_column][\/vc_row][vc_row full_width=&#8221;stretch_row&#8221; css=&#8221;.vc_custom_1538681088940{padding-top: 10px !important;padding-bottom: 20px !important;background-color: #f9f9f9 !important;}&#8221;][vc_column][vc_column_text] Formulaire de contact [\/vc_column_text][\/vc_column][\/vc_row]<\/p>\n","protected":false},"author":1,"featured_media":0,"parent":0,"menu_order":0,"comment_status":"closed","ping_status":"closed","template":"","meta":{"footnotes":""},"class_list":["post-2316","page","type-page","status-publish","hentry"],"yoast_head":"<!-- This site is optimized with the Yoast SEO plugin v27.1.1 - https:\/\/yoast.com\/product\/yoast-seo-wordpress\/ -->\n<title>Contact et demande - Sprachschule Aktiv Hannover<\/title>\n<meta name=\"description\" content=\"Contact et votre demande - Sprachschule Aktiv Hannover. N&#039;h\u00e9sitez pas \u00e0 nous poser votre question pour un cours collectif, priv\u00e9 ou en entreprise.\" \/>\n<meta name=\"robots\" content=\"index, follow, max-snippet:-1, max-image-preview:large, max-video-preview:-1\" \/>\n<link rel=\"canonical\" href=\"https:\/\/www.sprachschule-aktiv-hannover.de\/fr\/contactez-nous\/\" \/>\n<meta property=\"og:locale\" content=\"fr_FR\" \/>\n<meta property=\"og:type\" content=\"article\" \/>\n<meta property=\"og:title\" content=\"Contact et demande - Sprachschule Aktiv Hannover\" \/>\n<meta property=\"og:description\" content=\"Contact et votre demande - Sprachschule Aktiv Hannover. N&#039;h\u00e9sitez pas \u00e0 nous poser votre question pour un cours collectif, priv\u00e9 ou en entreprise.\" \/>\n<meta property=\"og:url\" content=\"https:\/\/www.sprachschule-aktiv-hannover.de\/fr\/contactez-nous\/\" \/>\n<meta property=\"og:site_name\" content=\"Sprachschule Aktiv Hannover\" \/>\n<meta property=\"article:modified_time\" content=\"2023-07-01T18:42:38+00:00\" \/>\n<meta name=\"twitter:card\" content=\"summary_large_image\" \/>\n<meta name=\"twitter:label1\" content=\"Dur\u00e9e de lecture estim\u00e9e\" \/>\n\t<meta name=\"twitter:data1\" content=\"1 minute\" \/>\n<script type=\"application\/ld+json\" class=\"yoast-schema-graph\">{\"@context\":\"https:\/\/schema.org\",\"@graph\":[{\"@type\":\"WebPage\",\"@id\":\"https:\/\/www.sprachschule-aktiv-hannover.de\/fr\/contactez-nous\/\",\"url\":\"https:\/\/www.sprachschule-aktiv-hannover.de\/fr\/contactez-nous\/\",\"name\":\"Contact et demande - Sprachschule Aktiv Hannover\",\"isPartOf\":{\"@id\":\"https:\/\/www.sprachschule-aktiv-hannover.de\/#website\"},\"datePublished\":\"2018-01-12T06:14:43+00:00\",\"dateModified\":\"2023-07-01T18:42:38+00:00\",\"description\":\"Contact et votre demande - Sprachschule Aktiv Hannover. N'h\u00e9sitez pas \u00e0 nous poser votre question pour un cours collectif, priv\u00e9 ou en entreprise.\",\"breadcrumb\":{\"@id\":\"https:\/\/www.sprachschule-aktiv-hannover.de\/fr\/contactez-nous\/#breadcrumb\"},\"inLanguage\":\"fr-FR\",\"potentialAction\":[{\"@type\":\"ReadAction\",\"target\":[\"https:\/\/www.sprachschule-aktiv-hannover.de\/fr\/contactez-nous\/\"]}]},{\"@type\":\"BreadcrumbList\",\"@id\":\"https:\/\/www.sprachschule-aktiv-hannover.de\/fr\/contactez-nous\/#breadcrumb\",\"itemListElement\":[{\"@type\":\"ListItem\",\"position\":1,\"name\":\"Startseite\",\"item\":\"https:\/\/www.sprachschule-aktiv-hannover.de\/fr\/\"},{\"@type\":\"ListItem\",\"position\":2,\"name\":\"Contactez-nous\"}]},{\"@type\":\"WebSite\",\"@id\":\"https:\/\/www.sprachschule-aktiv-hannover.de\/#website\",\"url\":\"https:\/\/www.sprachschule-aktiv-hannover.de\/\",\"name\":\"Sprachschule Aktiv Hannover\",\"description\":\"\",\"potentialAction\":[{\"@type\":\"SearchAction\",\"target\":{\"@type\":\"EntryPoint\",\"urlTemplate\":\"https:\/\/www.sprachschule-aktiv-hannover.de\/?s={search_term_string}\"},\"query-input\":{\"@type\":\"PropertyValueSpecification\",\"valueRequired\":true,\"valueName\":\"search_term_string\"}}],\"inLanguage\":\"fr-FR\"}]}<\/script>\n<!-- \/ Yoast SEO plugin. -->","yoast_head_json":{"title":"Contact et demande - Sprachschule Aktiv Hannover","description":"Contact et votre demande - Sprachschule Aktiv Hannover. N'h\u00e9sitez pas \u00e0 nous poser votre question pour un cours collectif, priv\u00e9 ou en entreprise.","robots":{"index":"index","follow":"follow","max-snippet":"max-snippet:-1","max-image-preview":"max-image-preview:large","max-video-preview":"max-video-preview:-1"},"canonical":"https:\/\/www.sprachschule-aktiv-hannover.de\/fr\/contactez-nous\/","og_locale":"fr_FR","og_type":"article","og_title":"Contact et demande - Sprachschule Aktiv Hannover","og_description":"Contact et votre demande - Sprachschule Aktiv Hannover. N'h\u00e9sitez pas \u00e0 nous poser votre question pour un cours collectif, priv\u00e9 ou en entreprise.","og_url":"https:\/\/www.sprachschule-aktiv-hannover.de\/fr\/contactez-nous\/","og_site_name":"Sprachschule Aktiv Hannover","article_modified_time":"2023-07-01T18:42:38+00:00","twitter_card":"summary_large_image","twitter_misc":{"Dur\u00e9e de lecture estim\u00e9e":"1 minute"},"schema":{"@context":"https:\/\/schema.org","@graph":[{"@type":"WebPage","@id":"https:\/\/www.sprachschule-aktiv-hannover.de\/fr\/contactez-nous\/","url":"https:\/\/www.sprachschule-aktiv-hannover.de\/fr\/contactez-nous\/","name":"Contact et demande - Sprachschule Aktiv Hannover","isPartOf":{"@id":"https:\/\/www.sprachschule-aktiv-hannover.de\/#website"},"datePublished":"2018-01-12T06:14:43+00:00","dateModified":"2023-07-01T18:42:38+00:00","description":"Contact et votre demande - Sprachschule Aktiv Hannover. N'h\u00e9sitez pas \u00e0 nous poser votre question pour un cours collectif, priv\u00e9 ou en entreprise.","breadcrumb":{"@id":"https:\/\/www.sprachschule-aktiv-hannover.de\/fr\/contactez-nous\/#breadcrumb"},"inLanguage":"fr-FR","potentialAction":[{"@type":"ReadAction","target":["https:\/\/www.sprachschule-aktiv-hannover.de\/fr\/contactez-nous\/"]}]},{"@type":"BreadcrumbList","@id":"https:\/\/www.sprachschule-aktiv-hannover.de\/fr\/contactez-nous\/#breadcrumb","itemListElement":[{"@type":"ListItem","position":1,"name":"Startseite","item":"https:\/\/www.sprachschule-aktiv-hannover.de\/fr\/"},{"@type":"ListItem","position":2,"name":"Contactez-nous"}]},{"@type":"WebSite","@id":"https:\/\/www.sprachschule-aktiv-hannover.de\/#website","url":"https:\/\/www.sprachschule-aktiv-hannover.de\/","name":"Sprachschule Aktiv Hannover","description":"","potentialAction":[{"@type":"SearchAction","target":{"@type":"EntryPoint","urlTemplate":"https:\/\/www.sprachschule-aktiv-hannover.de\/?s={search_term_string}"},"query-input":{"@type":"PropertyValueSpecification","valueRequired":true,"valueName":"search_term_string"}}],"inLanguage":"fr-FR"}]}},"_links":{"self":[{"href":"https:\/\/www.sprachschule-aktiv-hannover.de\/fr\/wp-json\/wp\/v2\/pages\/2316","targetHints":{"allow":["GET"]}}],"collection":[{"href":"https:\/\/www.sprachschule-aktiv-hannover.de\/fr\/wp-json\/wp\/v2\/pages"}],"about":[{"href":"https:\/\/www.sprachschule-aktiv-hannover.de\/fr\/wp-json\/wp\/v2\/types\/page"}],"author":[{"embeddable":true,"href":"https:\/\/www.sprachschule-aktiv-hannover.de\/fr\/wp-json\/wp\/v2\/users\/1"}],"replies":[{"embeddable":true,"href":"https:\/\/www.sprachschule-aktiv-hannover.de\/fr\/wp-json\/wp\/v2\/comments?post=2316"}],"version-history":[{"count":3,"href":"https:\/\/www.sprachschule-aktiv-hannover.de\/fr\/wp-json\/wp\/v2\/pages\/2316\/revisions"}],"predecessor-version":[{"id":2321,"href":"https:\/\/www.sprachschule-aktiv-hannover.de\/fr\/wp-json\/wp\/v2\/pages\/2316\/revisions\/2321"}],"wp:attachment":[{"href":"https:\/\/www.sprachschule-aktiv-hannover.de\/fr\/wp-json\/wp\/v2\/media?parent=2316"}],"curies":[{"name":"wp","href":"https:\/\/api.w.org\/{rel}","templated":true}]}}